{"id":6629,"date":"2017-12-19T21:10:15","date_gmt":"2017-12-19T20:10:15","guid":{"rendered":"https:\/\/donbaraton.es\/?page_id=6629"},"modified":"2018-10-16T13:42:59","modified_gmt":"2018-10-16T11:42:59","slug":"barcelona","status":"publish","type":"page","link":"https:\/\/donbaraton.es\/en\/barcelona\/","title":{"rendered":"You Can Now Buy Our Sofas in Barcelona!"},"content":{"rendered":"<p><img loading=\"lazy\" decoding=\"async\" class=\"wp-image-7503 alignleft\" src=\"https:\/\/donbaraton.es\/wp-content\/uploads\/2017\/12\/Barcelona.jpg\" alt=\"Barcelona\" width=\"393\" height=\"262\" srcset=\"https:\/\/donbaraton.es\/wp-content\/uploads\/2017\/12\/Barcelona.jpg 640w, https:\/\/donbaraton.es\/wp-content\/uploads\/2017\/12\/Barcelona-510x340.jpg 510w, https:\/\/donbaraton.es\/wp-content\/uploads\/2017\/12\/Barcelona-300x200.jpg 300w\" sizes=\"(max-width: 393px) 100vw, 393px\" \/>We are happy to announce the launch of our new branch for the Barcelona area. Buying a sofa from us has just become easier!<\/p>\n<p>Barcelona, renowned for it\u2019s unique architecture, history and astonishing art is a dream destination for people from all over the world.<\/p>\n<p>Either furnishing your permanent or holiday home, we provide our customers with an extensive range of contemporary, modern and classical furniture pieces, never compromising quality.<\/p>\n<p>Take a look at our &#8220;BCN Top Picks&#8221;, the sofas selected specially for our modern and vibrant European megalopolis. Don\u2019t hesitate to <a href=\"\/?page_id=49\">contact our agent<\/a> for any details regarding our products.<\/p>\n<p><div class=\"woocommerce columns-3 \"><ul class=\"products columns-3\">\n<li class=\"product type-product post-11005 status-publish first onbackorder product_cat-sofa-beds product_cat-sofas-en has-post-thumbnail sale featured taxable shipping-taxable purchasable product-type-variable\">\n\t<a href=\"https:\/\/donbaraton.es\/en\/p\/sofa-bed-mattress-madrid\/\" class=\"woocommerce-LoopProduct-link woocommerce-loop-product__link\">\n\t<span class=\"onsale\">Sale!<\/span>\n\t<span class=\"et_shop_image\"><img loading=\"lazy\" decoding=\"async\" width=\"400\" height=\"300\" src=\"https:\/\/donbaraton.es\/wp-content\/uploads\/2018\/12\/Sof\u00e1-cama-italiana-apertura-sistema-italiana.-Tela-gris-oscuro-modelo-Madrid-400x300.jpg\" class=\"attachment-woocommerce_thumbnail size-woocommerce_thumbnail\" alt=\"Sofa Bed Settee with Mattress (&quot;Italian Sofa Bed&quot;) - Madrid. Dark Grey Fabric\" srcset=\"https:\/\/donbaraton.es\/wp-content\/uploads\/2018\/12\/Sof\u00e1-cama-italiana-apertura-sistema-italiana.-Tela-gris-oscuro-modelo-Madrid-400x300.jpg 400w, https:\/\/donbaraton.es\/wp-content\/uploads\/2018\/12\/Sof\u00e1-cama-italiana-apertura-sistema-italiana.-Tela-gris-oscuro-modelo-Madrid-510x383.jpg 510w, https:\/\/donbaraton.es\/wp-content\/uploads\/2018\/12\/Sof\u00e1-cama-italiana-apertura-sistema-italiana.-Tela-gris-oscuro-modelo-Madrid-300x225.jpg 300w, https:\/\/donbaraton.es\/wp-content\/uploads\/2018\/12\/Sof\u00e1-cama-italiana-apertura-sistema-italiana.-Tela-gris-oscuro-modelo-Madrid-768x576.jpg 768w, https:\/\/donbaraton.es\/wp-content\/uploads\/2018\/12\/Sof\u00e1-cama-italiana-apertura-sistema-italiana.-Tela-gris-oscuro-modelo-Madrid-980x735.jpg 980w, https:\/\/donbaraton.es\/wp-content\/uploads\/2018\/12\/Sof\u00e1-cama-italiana-apertura-sistema-italiana.-Tela-gris-oscuro-modelo-Madrid-480x360.jpg 480w, https:\/\/donbaraton.es\/wp-content\/uploads\/2018\/12\/Sof\u00e1-cama-italiana-apertura-sistema-italiana.-Tela-gris-oscuro-modelo-Madrid.jpg 1000w\" sizes=\"(max-width: 400px) 100vw, 400px\" \/><span class=\"et_overlay\"><\/span><\/span><h2 class=\"woocommerce-loop-product__title\">Sofa Bed Settee with Mattress &#8211; Madrid<\/h2>\n\t<span class=\"price\"><del aria-hidden=\"true\"><span class=\"woocommerce-Price-amount amount\"><bdi>850.00<span class=\"woocommerce-Price-currencySymbol\">&euro;<\/span><\/bdi><\/span><\/del> <span class=\"screen-reader-text\">Original price was: 850.00&euro;.<\/span><ins aria-hidden=\"true\"><span class=\"woocommerce-Price-amount amount\"><bdi>799.00<span class=\"woocommerce-Price-currencySymbol\">&euro;<\/span><\/bdi><\/span><\/ins><span class=\"screen-reader-text\">Current price is: 799.00&euro;.<\/span><\/span>\n<\/a><\/li>\n<li class=\"product type-product post-9678 status-publish onbackorder product_cat-corner-sofas product_cat-sofa-beds product_cat-sofas-en has-post-thumbnail sale taxable shipping-taxable purchasable product-type-variable\">\n\t<a href=\"https:\/\/donbaraton.es\/en\/p\/spacious-u-shaped-sofa-bed-3-storages-baia\/\" class=\"woocommerce-LoopProduct-link woocommerce-loop-product__link\">\n\t<span class=\"onsale\">Sale!<\/span>\n\t<span class=\"et_shop_image\"><img loading=\"lazy\" decoding=\"async\" width=\"400\" height=\"300\" src=\"https:\/\/donbaraton.es\/wp-content\/uploads\/2019\/02\/Sof\u00e1-grande-en-forma-de-U-con-cama-y-3-arcones-Baia.-Color-gris-Inari-94.-Esquina-lado-izquierdo-400x300.jpg\" class=\"attachment-woocommerce_thumbnail size-woocommerce_thumbnail\" alt=\"Spacious U-shaped Sofa Bed with 3 Storages - Baia. Grey Fabric. Left Corner\" srcset=\"https:\/\/donbaraton.es\/wp-content\/uploads\/2019\/02\/Sof\u00e1-grande-en-forma-de-U-con-cama-y-3-arcones-Baia.-Color-gris-Inari-94.-Esquina-lado-izquierdo-400x300.jpg 400w, https:\/\/donbaraton.es\/wp-content\/uploads\/2019\/02\/Sof\u00e1-grande-en-forma-de-U-con-cama-y-3-arcones-Baia.-Color-gris-Inari-94.-Esquina-lado-izquierdo-510x382.jpg 510w\" sizes=\"(max-width: 400px) 100vw, 400px\" \/><span class=\"et_overlay\"><\/span><\/span><h2 class=\"woocommerce-loop-product__title\">Spacious U-shaped Sofa Bed with 3 Storages &#8211; Baia<\/h2>\n\t<span class=\"price\"><del aria-hidden=\"true\"><span class=\"woocommerce-Price-amount amount\"><bdi>2,300.00<span class=\"woocommerce-Price-currencySymbol\">&euro;<\/span><\/bdi><\/span><\/del> <span class=\"screen-reader-text\">Original price was: 2,300.00&euro;.<\/span><ins aria-hidden=\"true\"><span class=\"woocommerce-Price-amount amount\"><bdi>1,759.00<span class=\"woocommerce-Price-currencySymbol\">&euro;<\/span><\/bdi><\/span><\/ins><span class=\"screen-reader-text\">Current price is: 1,759.00&euro;.<\/span><\/span>\n<\/a><\/li>\n<li class=\"product type-product post-7369 status-publish last onbackorder product_cat-corner-sofas product_cat-sofa-beds product_cat-sofas-en has-post-thumbnail sale taxable shipping-taxable purchasable product-type-variable\">\n\t<a href=\"https:\/\/donbaraton.es\/en\/p\/modern-corner-sofa-bed-cushions-barbados\/\" class=\"woocommerce-LoopProduct-link woocommerce-loop-product__link\">\n\t<span class=\"onsale\">Sale!<\/span>\n\t<span class=\"et_shop_image\"><img loading=\"lazy\" decoding=\"async\" width=\"400\" height=\"300\" src=\"https:\/\/donbaraton.es\/wp-content\/uploads\/2019\/02\/Sof\u00e1-rinconera-cama-con-cojines.-Blanco-y-negro.-Esquina-lado-izquierdo-Barbados-400x300.jpg\" class=\"attachment-woocommerce_thumbnail size-woocommerce_thumbnail\" alt=\"Modern Corner Sofa Bed with Cushions (Left Corner) - Barbados. Black Fabric\" srcset=\"https:\/\/donbaraton.es\/wp-content\/uploads\/2019\/02\/Sof\u00e1-rinconera-cama-con-cojines.-Blanco-y-negro.-Esquina-lado-izquierdo-Barbados-400x300.jpg 400w, https:\/\/donbaraton.es\/wp-content\/uploads\/2019\/02\/Sof\u00e1-rinconera-cama-con-cojines.-Blanco-y-negro.-Esquina-lado-izquierdo-Barbados-510x382.jpg 510w\" sizes=\"(max-width: 400px) 100vw, 400px\" \/><span class=\"et_overlay\"><\/span><\/span><h2 class=\"woocommerce-loop-product__title\">Modern corner sofa bed with cushions &#8211; Barbados<\/h2><div class=\"star-rating\" role=\"img\" aria-label=\"Rated 4.67 out of 5\"><span style=\"width:93.4%\">Rated <strong class=\"rating\">4.67<\/strong> out of 5<\/span><\/div>\n\t<span class=\"price\"><del aria-hidden=\"true\"><span class=\"woocommerce-Price-amount amount\"><bdi>1,300.00<span class=\"woocommerce-Price-currencySymbol\">&euro;<\/span><\/bdi><\/span><\/del> <span class=\"screen-reader-text\">Original price was: 1,300.00&euro;.<\/span><ins aria-hidden=\"true\"><span class=\"woocommerce-Price-amount amount\"><bdi>999.00<span class=\"woocommerce-Price-currencySymbol\">&euro;<\/span><\/bdi><\/span><\/ins><span class=\"screen-reader-text\">Current price is: 999.00&euro;.<\/span><\/span>\n<\/a><\/li>\n<\/ul>\n<\/div><!-- .et_pb_text --><\/p>\n<p><strong>All our items are in stock, ready for immediate delivery.<\/strong> There\u2019s no need to wait for weeks or months. Browse our corners sofas, sofa-beds, sofas with chaise longue, leather sofas and other furniture items in our online shop. Place the order, pay and get them brought to you and installed without hustle.<\/p>\n<div class=\"et_pb_button_module_wrapper et_pb_module et_pb_button_alignment_center\"><a class=\"et_pb_button et_pb_button_0 et_pb_module et_pb_bg_layout_dark\" href=\"\/?product_cat=sofas-en&amp;min_price=399&amp;max_price=5000\">View all sofas available in Barcelona<\/a><!-- .et_pb_row --><!-- .et_pb_section --><\/div>\n<p><!-- .et_pb_column --><\/p>\n<p><strong>Delivery to Barcelona.<\/strong> Orders placed online on our website can be delivered within five working days (please contact us to fix the delivery time convenient to you). Our delivery rate is \u20ac99 (including installation of the new furniture and removal of the old furniture if necessary).<\/p>\n<p>&nbsp;<\/p>\n","protected":false},"excerpt":{"rendered":"<p>We are happy to announce the launch of our new branch for the Barcelona area. Buying a sofa from us has just become easier! Barcelona, renowned for it\u2019s unique architecture, history and astonishing art is a dream destination for people from all over the world. Either furnishing your permanent or holiday home, we provide our [&hellip;]<\/p>\n","protected":false},"author":3,"featured_media":0,"parent":0,"menu_order":0,"comment_status":"closed","ping_status":"closed","template":"","meta":{"_et_pb_use_builder":"","_et_pb_old_content":"","_et_gb_content_width":"","footnotes":""},"class_list":["post-6629","page","type-page","status-publish","hentry"],"yoast_head":"<!-- This site is optimized with the Yoast SEO plugin v27.5 - https:\/\/yoast.com\/product\/yoast-seo-wordpress\/ -->\n<title>You Can Now Buy Our Sofas in Barcelona! - Don Baraton: tienda de sof\u00e1s, muebles y colchones<\/title>\n<meta name=\"robots\" content=\"index, follow, max-snippet:-1, max-image-preview:large, max-video-preview:-1\" \/>\n<link rel=\"canonical\" href=\"https:\/\/donbaraton.es\/en\/barcelona\/\" \/>\n<meta property=\"og:locale\" content=\"en_GB\" \/>\n<meta property=\"og:type\" content=\"article\" \/>\n<meta property=\"og:title\" content=\"You Can Now Buy Our Sofas in Barcelona! - Don Baraton: tienda de sof\u00e1s, muebles y colchones\" \/>\n<meta property=\"og:description\" content=\"We are happy to announce the launch of our new branch for the Barcelona area. Buying a sofa from us has just become easier! Barcelona, renowned for it\u2019s unique architecture, history and astonishing art is a dream destination for people from all over the world. Either furnishing your permanent or holiday home, we provide our [&hellip;]\" \/>\n<meta property=\"og:url\" content=\"https:\/\/donbaraton.es\/en\/barcelona\/\" \/>\n<meta property=\"og:site_name\" content=\"Don Baraton: tienda de sof\u00e1s, muebles y colchones\" \/>\n<meta property=\"article:publisher\" content=\"https:\/\/www.facebook.com\/donbaraton.es\" \/>\n<meta property=\"article:modified_time\" content=\"2018-10-16T11:42:59+00:00\" \/>\n<meta property=\"og:image\" content=\"https:\/\/donbaraton.es\/wp-content\/uploads\/2017\/12\/Barcelona.jpg\" \/>\n<meta name=\"twitter:card\" content=\"summary_large_image\" \/>\n<meta name=\"twitter:site\" content=\"@don_baraton\" \/>\n<meta name=\"twitter:label1\" content=\"Estimated reading time\" \/>\n\t<meta name=\"twitter:data1\" content=\"1 minute\" \/>\n<script type=\"application\/ld+json\" class=\"yoast-schema-graph\">{\"@context\":\"https:\\\/\\\/schema.org\",\"@graph\":[{\"@type\":\"WebPage\",\"@id\":\"https:\\\/\\\/donbaraton.es\\\/en\\\/barcelona\\\/\",\"url\":\"https:\\\/\\\/donbaraton.es\\\/en\\\/barcelona\\\/\",\"name\":\"You Can Now Buy Our Sofas in Barcelona! - Don Baraton: tienda de sof\u00e1s, muebles y colchones\",\"isPartOf\":{\"@id\":\"https:\\\/\\\/donbaraton.es\\\/#website\"},\"primaryImageOfPage\":{\"@id\":\"https:\\\/\\\/donbaraton.es\\\/en\\\/barcelona\\\/#primaryimage\"},\"image\":{\"@id\":\"https:\\\/\\\/donbaraton.es\\\/en\\\/barcelona\\\/#primaryimage\"},\"thumbnailUrl\":\"https:\\\/\\\/donbaraton.es\\\/wp-content\\\/uploads\\\/2017\\\/12\\\/Barcelona.jpg\",\"datePublished\":\"2017-12-19T20:10:15+00:00\",\"dateModified\":\"2018-10-16T11:42:59+00:00\",\"breadcrumb\":{\"@id\":\"https:\\\/\\\/donbaraton.es\\\/en\\\/barcelona\\\/#breadcrumb\"},\"inLanguage\":\"en-GB\",\"potentialAction\":[{\"@type\":\"ReadAction\",\"target\":[\"https:\\\/\\\/donbaraton.es\\\/en\\\/barcelona\\\/\"]}]},{\"@type\":\"ImageObject\",\"inLanguage\":\"en-GB\",\"@id\":\"https:\\\/\\\/donbaraton.es\\\/en\\\/barcelona\\\/#primaryimage\",\"url\":\"https:\\\/\\\/donbaraton.es\\\/wp-content\\\/uploads\\\/2017\\\/12\\\/Barcelona.jpg\",\"contentUrl\":\"https:\\\/\\\/donbaraton.es\\\/wp-content\\\/uploads\\\/2017\\\/12\\\/Barcelona.jpg\"},{\"@type\":\"BreadcrumbList\",\"@id\":\"https:\\\/\\\/donbaraton.es\\\/en\\\/barcelona\\\/#breadcrumb\",\"itemListElement\":[{\"@type\":\"ListItem\",\"position\":1,\"name\":\"Portada\",\"item\":\"https:\\\/\\\/donbaraton.es\\\/en\\\/\"},{\"@type\":\"ListItem\",\"position\":2,\"name\":\"You Can Now Buy Our Sofas in Barcelona!\"}]},{\"@type\":\"WebSite\",\"@id\":\"https:\\\/\\\/donbaraton.es\\\/#website\",\"url\":\"https:\\\/\\\/donbaraton.es\\\/\",\"name\":\"Don Baraton: tienda de sof\u00e1s, muebles y colchones\",\"description\":\"Sofas baratos desde el almac\u00e9n en Almorad\u00ed, Alicante\",\"publisher\":{\"@id\":\"https:\\\/\\\/donbaraton.es\\\/#organization\"},\"potentialAction\":[{\"@type\":\"SearchAction\",\"target\":{\"@type\":\"EntryPoint\",\"urlTemplate\":\"https:\\\/\\\/donbaraton.es\\\/?s={search_term_string}\"},\"query-input\":{\"@type\":\"PropertyValueSpecification\",\"valueRequired\":true,\"valueName\":\"search_term_string\"}}],\"inLanguage\":\"en-GB\"},{\"@type\":\"Organization\",\"@id\":\"https:\\\/\\\/donbaraton.es\\\/#organization\",\"name\":\"Don Baraton\",\"url\":\"https:\\\/\\\/donbaraton.es\\\/\",\"logo\":{\"@type\":\"ImageObject\",\"inLanguage\":\"en-GB\",\"@id\":\"https:\\\/\\\/donbaraton.es\\\/#\\\/schema\\\/logo\\\/image\\\/\",\"url\":\"https:\\\/\\\/i0.wp.com\\\/donbaraton.es\\\/wp-content\\\/uploads\\\/2016\\\/11\\\/logo_don_baraton.png?fit=228%2C110&ssl=1\",\"contentUrl\":\"https:\\\/\\\/i0.wp.com\\\/donbaraton.es\\\/wp-content\\\/uploads\\\/2016\\\/11\\\/logo_don_baraton.png?fit=228%2C110&ssl=1\",\"width\":228,\"height\":110,\"caption\":\"Don Baraton\"},\"image\":{\"@id\":\"https:\\\/\\\/donbaraton.es\\\/#\\\/schema\\\/logo\\\/image\\\/\"},\"sameAs\":[\"https:\\\/\\\/www.facebook.com\\\/donbaraton.es\",\"https:\\\/\\\/x.com\\\/don_baraton\",\"https:\\\/\\\/www.instagram.com\\\/donbaraton.es\",\"https:\\\/\\\/www.linkedin.com\\\/company\\\/donbaraton\\\/\",\"https:\\\/\\\/es.pinterest.com\\\/donbaraton\\\/\",\"https:\\\/\\\/www.youtube.com\\\/channel\\\/UCL02HOwx-F759Jq5MedAZfQ\"]}]}<\/script>\n<!-- \/ Yoast SEO plugin. -->","yoast_head_json":{"title":"You Can Now Buy Our Sofas in Barcelona! - Don Baraton: tienda de sof\u00e1s, muebles y colchones","robots":{"index":"index","follow":"follow","max-snippet":"max-snippet:-1","max-image-preview":"max-image-preview:large","max-video-preview":"max-video-preview:-1"},"canonical":"https:\/\/donbaraton.es\/en\/barcelona\/","og_locale":"en_GB","og_type":"article","og_title":"You Can Now Buy Our Sofas in Barcelona! - Don Baraton: tienda de sof\u00e1s, muebles y colchones","og_description":"We are happy to announce the launch of our new branch for the Barcelona area. Buying a sofa from us has just become easier! Barcelona, renowned for it\u2019s unique architecture, history and astonishing art is a dream destination for people from all over the world. Either furnishing your permanent or holiday home, we provide our [&hellip;]","og_url":"https:\/\/donbaraton.es\/en\/barcelona\/","og_site_name":"Don Baraton: tienda de sof\u00e1s, muebles y colchones","article_publisher":"https:\/\/www.facebook.com\/donbaraton.es","article_modified_time":"2018-10-16T11:42:59+00:00","og_image":[{"url":"https:\/\/donbaraton.es\/wp-content\/uploads\/2017\/12\/Barcelona.jpg","type":"","width":"","height":""}],"twitter_card":"summary_large_image","twitter_site":"@don_baraton","twitter_misc":{"Estimated reading time":"1 minute"},"schema":{"@context":"https:\/\/schema.org","@graph":[{"@type":"WebPage","@id":"https:\/\/donbaraton.es\/en\/barcelona\/","url":"https:\/\/donbaraton.es\/en\/barcelona\/","name":"You Can Now Buy Our Sofas in Barcelona! - Don Baraton: tienda de sof\u00e1s, muebles y colchones","isPartOf":{"@id":"https:\/\/donbaraton.es\/#website"},"primaryImageOfPage":{"@id":"https:\/\/donbaraton.es\/en\/barcelona\/#primaryimage"},"image":{"@id":"https:\/\/donbaraton.es\/en\/barcelona\/#primaryimage"},"thumbnailUrl":"https:\/\/donbaraton.es\/wp-content\/uploads\/2017\/12\/Barcelona.jpg","datePublished":"2017-12-19T20:10:15+00:00","dateModified":"2018-10-16T11:42:59+00:00","breadcrumb":{"@id":"https:\/\/donbaraton.es\/en\/barcelona\/#breadcrumb"},"inLanguage":"en-GB","potentialAction":[{"@type":"ReadAction","target":["https:\/\/donbaraton.es\/en\/barcelona\/"]}]},{"@type":"ImageObject","inLanguage":"en-GB","@id":"https:\/\/donbaraton.es\/en\/barcelona\/#primaryimage","url":"https:\/\/donbaraton.es\/wp-content\/uploads\/2017\/12\/Barcelona.jpg","contentUrl":"https:\/\/donbaraton.es\/wp-content\/uploads\/2017\/12\/Barcelona.jpg"},{"@type":"BreadcrumbList","@id":"https:\/\/donbaraton.es\/en\/barcelona\/#breadcrumb","itemListElement":[{"@type":"ListItem","position":1,"name":"Portada","item":"https:\/\/donbaraton.es\/en\/"},{"@type":"ListItem","position":2,"name":"You Can Now Buy Our Sofas in Barcelona!"}]},{"@type":"WebSite","@id":"https:\/\/donbaraton.es\/#website","url":"https:\/\/donbaraton.es\/","name":"Don Baraton: tienda de sof\u00e1s, muebles y colchones","description":"Sofas baratos desde el almac\u00e9n en Almorad\u00ed, Alicante","publisher":{"@id":"https:\/\/donbaraton.es\/#organization"},"potentialAction":[{"@type":"SearchAction","target":{"@type":"EntryPoint","urlTemplate":"https:\/\/donbaraton.es\/?s={search_term_string}"},"query-input":{"@type":"PropertyValueSpecification","valueRequired":true,"valueName":"search_term_string"}}],"inLanguage":"en-GB"},{"@type":"Organization","@id":"https:\/\/donbaraton.es\/#organization","name":"Don Baraton","url":"https:\/\/donbaraton.es\/","logo":{"@type":"ImageObject","inLanguage":"en-GB","@id":"https:\/\/donbaraton.es\/#\/schema\/logo\/image\/","url":"https:\/\/i0.wp.com\/donbaraton.es\/wp-content\/uploads\/2016\/11\/logo_don_baraton.png?fit=228%2C110&ssl=1","contentUrl":"https:\/\/i0.wp.com\/donbaraton.es\/wp-content\/uploads\/2016\/11\/logo_don_baraton.png?fit=228%2C110&ssl=1","width":228,"height":110,"caption":"Don Baraton"},"image":{"@id":"https:\/\/donbaraton.es\/#\/schema\/logo\/image\/"},"sameAs":["https:\/\/www.facebook.com\/donbaraton.es","https:\/\/x.com\/don_baraton","https:\/\/www.instagram.com\/donbaraton.es","https:\/\/www.linkedin.com\/company\/donbaraton\/","https:\/\/es.pinterest.com\/donbaraton\/","https:\/\/www.youtube.com\/channel\/UCL02HOwx-F759Jq5MedAZfQ"]}]}},"_links":{"self":[{"href":"https:\/\/donbaraton.es\/en\/wp-json\/wp\/v2\/pages\/6629","targetHints":{"allow":["GET"]}}],"collection":[{"href":"https:\/\/donbaraton.es\/en\/wp-json\/wp\/v2\/pages"}],"about":[{"href":"https:\/\/donbaraton.es\/en\/wp-json\/wp\/v2\/types\/page"}],"author":[{"embeddable":true,"href":"https:\/\/donbaraton.es\/en\/wp-json\/wp\/v2\/users\/3"}],"replies":[{"embeddable":true,"href":"https:\/\/donbaraton.es\/en\/wp-json\/wp\/v2\/comments?post=6629"}],"version-history":[{"count":0,"href":"https:\/\/donbaraton.es\/en\/wp-json\/wp\/v2\/pages\/6629\/revisions"}],"wp:attachment":[{"href":"https:\/\/donbaraton.es\/en\/wp-json\/wp\/v2\/media?parent=6629"}],"curies":[{"name":"wp","href":"https:\/\/api.w.org\/{rel}","templated":true}]}}